{"id":21,"date":"2017-11-10T19:45:27","date_gmt":"2017-11-10T19:45:27","guid":{"rendered":"http:\/\/claudia-wiedemer.com\/?page_id=21"},"modified":"2020-04-28T17:48:10","modified_gmt":"2020-04-28T17:48:10","slug":"profil","status":"publish","type":"page","link":"https:\/\/claudia-wiedemer.com\/index.php\/profil\/","title":{"rendered":"Profil"},"content":{"rendered":"<table>\n<tbody>\n<tr>\n<td>\n<h4>Profil<\/h4>\n<p>Gr\u00f6\u00dfe: 160 cm<br \/>\nHaarfarbe: Braun<br \/>\nAugenfarbe: Gr\u00fcn-Braun<br \/>\nStimmlage: Sopran<br \/>\nEthn. Erscheinung: International<br \/>\nWohnort: Berlin<br \/>\nNationalit\u00e4t: Deutsch<\/td>\n<td>\n<h5>Ausbildung<\/h5>\n<p>1980 &#8211; 1984 Grundschule in Portugal und Offenburg<br \/>\n1985 &#8211; 1993 Gymnasium in Offenburg, Abitur<br \/>\nCello, Blockfl\u00f6te, Gesang, Tanz, Chor, Orchester<br \/>\nund Kammermusik<br \/>\n1994 &#8211; 1997 Studium Schauspiel, Gesang und Tanz in Hamburg<br \/>\n2012 Ausbildung zur zertifizierten Yoga Lehrerin<br \/>\n2015 Fortbildung zur Assessorin zur Potentialentwicklung<\/p>\n<p>2020 Ausbildung zur zertifizierten Schwangeren und R\u00fcckbildung Yogalehrerin<\/td>\n<\/tr>\n<tr>\n<td>\n<h5>Besondere F\u00e4higkeiten<\/h5>\n<p>Gesang: Sopran (klassisch, Jazz, Musical, Pop)<br \/>\nInstrumente: Blockfl\u00f6ten (Preistr\u00e4gerin \u201eJugend musiziert\u201c), Cello<br \/>\nDialekte: badisch (gut), fr\u00e4nkisch (gut), hamburgisch (gut), berlinerisch<br \/>\nSprachen: Englisch (sehr gut)<br \/>\nF\u00fchrerschein: Auto<br \/>\nWeiteres: Tanz, Improvisation, Nasenfl\u00f6te<\/td>\n<td><\/td>\n<\/tr>\n<\/tbody>\n<\/table>\n<hr \/>\n<h4 style=\"text-align: left;\">Kurzbiographie<\/h4>\n<p>Claudia Wiedemer ist freie Schauspielerin und Performerin und lebt in Berlin.<br \/>\nSie studierte Schauspiel, Gesang und Tanz in Hamburg, spielte u.a. am Staatstheater D\u00fcsseldorf und Dresden, in Bad Hersfeld und am Schauspielhaus Z\u00fcrich und war auf vielen Berliner und Hamburger B\u00fchnen zu sehen. Besondere Wertsch\u00e4tzung erhielt sie f\u00fcr die &#8220;Trilogie der klassischen M\u00e4dchen&#8221;, die sie gemeinsam mit der Regisseurin Anja Gronau entwickelt hat und nach wie vor spielt: Drei Solo- Abende nach Kleists K\u00e4thchen, Schillers Johanna und Goethes Gretchen, die am Berliner Theater unterm Dach entstanden und von Chicago bis Teheran auf vielen Festivals gezeigt wurden. &#8220;Grete&#8221; wurde au\u00dferdem mit dem Friedrich Luft- Preis 2004, dem Sonderpreis des Impulse &#8211; Festivals 2005 und dem 1. Preis beim internationalen Monodramen- Festival Thespis ausgezeichnet. Seit 2008 geh\u00f6rt Claudia Wiedemer selbst der Jury des Friedrich -Luft -Preises an. Ebenfalls 2008 begann die Zusammenarbeit mit der S\u00e4ngerin Bernadette la Hengst. \u201eDer innere Innenminister\u201c wurde sowohl als H\u00f6rspiel (WDR, Deutschlandradio NDR; ua..) als auch als Theaterst\u00fcck produziert, es folgte 2010 \u201eDas Deutschlandm\u00e4rchen\u201c und das \u201eBedingungslose Grundeinsingen\u201c, das 2013 beim Impulse Festival eingeladen war, sowie die Mitarbeit bei den drei letzten Solo &#8211; Alben der S\u00e4ngerin. 2011 folgte ihr Regie Deb\u00fct im Rahmen des TUSCH Festivals am Theater Podewil. Sie ist Mitglied der Gruppe &#8220;Hardt Attacks&#8221; um die Regisseurin Wenke Hardt und der Gruppe &#8220;My Giant Gender&#8221; um die feministische Regisseurin Ute Rauwald, spielte am jungen Schauspielhaus in Z\u00fcrich in dem gemeinsam entwickelten St\u00fcck &#8220;Rosas Schuh&#8221; des Autors und Regisseurs Theo Frantz und war 2016 in Liechtenstein und der Schweiz als \u201eSalome\u201c in der gleichnamigen Inszenierung des TAK Theaters Liechtenstein zu sehen. Au\u00dferdem ist sie zertifizierte Kundalini Yoga Lehrerin und war als Coach mit dem\u00a0 Goetheinstitut beim Filmfest Duhok im Nordirak um f\u00fcr die Moderatoren des Festivals einen Pr\u00e4sentationsworkshop zu geben.<\/p>\n","protected":false},"excerpt":{"rendered":"<p>Profil Gr\u00f6\u00dfe: 160 cm Haarfarbe: Braun Augenfarbe: Gr\u00fcn-Braun Stimmlage: Sopran Ethn. Erscheinung: International Wohnort: Berlin Nationalit\u00e4t: Deutsch Ausbildung 1980 &#8211; 1984 Grundschule in Portugal und Offenburg 1985 &#8211; 1993 Gymnasium in Offenburg, Abitur Cello, Blockfl\u00f6te, Gesang, Tanz, Chor, Orchester und Kammermusik 1994 &#8211; 1997 Studium Schauspiel, Gesang und Tanz in Hamburg 2012 Ausbildung zur zertifizierten [&hellip;]<\/p>\n","protected":false},"author":1,"featured_media":0,"parent":0,"menu_order":0,"comment_status":"closed","ping_status":"closed","template":"page-templates\/page_fullwidth.php","meta":{"footnotes":""},"_links":{"self":[{"href":"https:\/\/claudia-wiedemer.com\/index.php\/wp-json\/wp\/v2\/pages\/21"}],"collection":[{"href":"https:\/\/claudia-wiedemer.com\/index.php\/wp-json\/wp\/v2\/pages"}],"about":[{"href":"https:\/\/claudia-wiedemer.com\/index.php\/wp-json\/wp\/v2\/types\/page"}],"author":[{"embeddable":true,"href":"https:\/\/claudia-wiedemer.com\/index.php\/wp-json\/wp\/v2\/users\/1"}],"replies":[{"embeddable":true,"href":"https:\/\/claudia-wiedemer.com\/index.php\/wp-json\/wp\/v2\/comments?post=21"}],"version-history":[{"count":76,"href":"https:\/\/claudia-wiedemer.com\/index.php\/wp-json\/wp\/v2\/pages\/21\/revisions"}],"predecessor-version":[{"id":863,"href":"https:\/\/claudia-wiedemer.com\/index.php\/wp-json\/wp\/v2\/pages\/21\/revisions\/863"}],"wp:attachment":[{"href":"https:\/\/claudia-wiedemer.com\/index.php\/wp-json\/wp\/v2\/media?parent=21"}],"curies":[{"name":"wp","href":"https:\/\/api.w.org\/{rel}","templated":true}]}}